{"id":1008,"date":"2021-09-16T17:12:26","date_gmt":"2021-09-16T15:12:26","guid":{"rendered":"https:\/\/www.heiner-rugs.com\/?page_id=1008"},"modified":"2021-09-16T17:13:36","modified_gmt":"2021-09-16T15:13:36","slug":"der-designer-michael-wruck","status":"publish","type":"page","link":"https:\/\/www.heiner-rugs.com\/de\/der-designer-michael-wruck\/","title":{"rendered":"Der Designer &#8211; Michael Wruck"},"content":{"rendered":"<p>[vc_row][vc_column]<div class=\"dt-fancy-separator title-left h1-size style-dotted accent-title-color\" style=\"width: 80%;\"><div class=\"dt-fancy-title\"><span class=\"separator-holder separator-left\"><\/span>Der Designer - Michael Wruck<span class=\"separator-holder separator-right\"><\/span><\/div><\/div><div class=\"ult-spacer spacer-69edcc9190c41\" data-id=\"69edcc9190c41\" data-height=\"40\" data-height-mobile=\"40\" data-height-tab=\"40\" data-height-tab-portrait=\"\" data-height-mobile-landscape=\"\" style=\"clear:both;display:block;\"><\/div>[\/vc_column][\/vc_row][vc_row][vc_column width=&#8221;1\/3&#8243;][vc_single_image image=&#8221;961&#8243; img_size=&#8221;full&#8221; alignment=&#8221;center&#8221; image_hovers=&#8221;false&#8221; css=&#8221;.vc_custom_1631432634931{margin-top: 10px !important;margin-bottom: 0px !important;padding-bottom: 0px !important;}&#8221;][vc_column_text]<\/p>\n<p style=\"text-align: center;\"><small>At the MMCA Seoul 2019<small><\/small><\/small><\/p>\n<p>[\/vc_column_text][\/vc_column][vc_column width=&#8221;2\/3&#8243;][vc_column_text]Die seit 2020 entworfenen und produzierten K\u00fcnstlerteppiche gestaltete der in Brandenburg und Berlin ans\u00e4ssige Grafik- und Mediendesigner Michael Wruck (*1975), der mit seiner Art des grafischen Designs die Bildwelt von Sebastian Heiner neu interpretiert. Aus den dicht gedr\u00e4ngten Kompositionen von Heiners fig\u00fcrlichen Gem\u00e4lden, die seit 2012 entstanden sind, extrahierte er einzelne Individuen und zeigt sie nun auf den Teppichen allein oder in Zweierszenen. Manchmal spiegelt er eine Figur, damit sie in den neuen Zusammenhang passt, kombiniert Motive wie den mechanischen Mond oder ein Raumschiff hinzu und vereinfacht Heiners vielfach geschichtete, kristallin-kubistische Landschaften zu geometrisch strukturierten Hintergr\u00fcnden.<\/p>\n<p>Die exakt begrenzten, kontrastreichen Farbfl\u00e4chen, aus denen die Bildelemente bestehen, treten klar hervor und erinnern in ihrer offenen Anordnung an die abstrakten Kompositionen von Robert Delaunay vom Anfang der Drei\u00dfigerjahre. Deutlich sichtbar ist Wrucks Affinit\u00e4t zu Illustration und erz\u00e4hlerischer Grafik wie Comic und Animation, jenen Bereichen, auf die er sich w\u00e4hrend seines Studiums der Medieninformatik spezialisierte und die er hier auf dem Gebiet der angewandten Gestaltung realisiert.<\/p>\n<p>Sicherlich eingeflossen ist auch seine Begeisterung f\u00fcr die Glasmalerei und f\u00fcr farbige Bleiglasfenster, die aus seiner vorangegangenen Ausbildung als Bleiglaser und Glasmaler resultiert. Denn die Gestaltung von Bildszenen aus fest umrissenen, komplement\u00e4ren Farbfl\u00e4chen, wie sie Marc Chagall oder Sergio de Castro in ihren weltbekannten Glasfenstern realisiert haben und die Wruck fr\u00fch zu eigenen Experimenten veranlasste, hat ihn offensichtlich f\u00fcr Heiners Formrepertoire begeistert und zu den neuen Kompositionen inspiriert.[\/vc_column_text][\/vc_column][\/vc_row][vc_row][vc_column]<div class=\"ult-spacer spacer-69edcc9190c90\" data-id=\"69edcc9190c90\" data-height=\"2\" data-height-mobile=\"2\" data-height-tab=\"2\" data-height-tab-portrait=\"\" data-height-mobile-landscape=\"\" style=\"clear:both;display:block;\"><\/div>[vc_column_text]Grundlage f\u00fcr sein Teppichdesign war wiederum die Computergrafik, die eine von Wrucks Kernkompetenzen ausmacht und auf der das moderne Erscheinungsbild der Teppichserie beruht. Nach dem Studium erweiterte er seine F\u00e4higkeiten im Designbereich bei der Agentur Art.Lebedev in Moskau, dem weltweit angesehen und gr\u00f6\u00dften Designstudio Russlands. Bereits w\u00e4hrend seiner Schulzeit in den letzten Jahren der DDR geh\u00f6rte eine Ausbildung an den ersten damals verf\u00fcgbaren Computern zum Unterricht. Die gro\u00dfen russischen Schriftsteller, Dostojewski, Puschkin, Tolstoi und Gogol, begeistern ihn seit dieser Zeit.<\/p>\n<p>Durch den Austausch mit Heiner und dessen Themenwelt sind aktuell die sowjetischen Vertreter der phantastischen Literatur, Arkadi und Boris Strugazki, und der polnische Science-Fiction-Autor Stanis\u0142aw Lem in sein Interesse ger\u00fcckt. Beruflich leitet Wruck seit 2007 seine eigene Agentur f\u00fcr Grafik- und Werbedesign, Fotografie und Film, die in Berlin ans\u00e4ssig ist.<\/p>\n<p>Seit 2012 ist er auch als Dozent an der Macromedia-Hochschule t\u00e4tig. Studienreisen und l\u00e4ngere Aufenthalte f\u00fchrten ihn nach Indien, Russland, Kuba, China, S\u00fcd-Korea und in die Mongolei. In Berlin lernte er den Maler Sebastian Heiner kennen, f\u00fcr den er 2016 und 2018 dessen im Kerber-Verlag erschienene Kataloge gestaltete. Seit 2017 begleitete er Heiner als Fotograf bei dessen jeweils mehrmonatigen Malaufenthalten in Shanghai, Seoul und Moskau. Dort setzte er die seit seiner Studienzeit betriebene Arbeit an sorgf\u00e4ltig komponierten Stra\u00dfenfotografien fort und schuf umfangreiche Portr\u00e4ts der St\u00e4dte und ihrer Bewohner.<\/p>\n<p>In den zur\u00fcckliegenden Jahren haben der intellektuelle und k\u00fcnstlerische Austausch zwischen Heiner und Wruck zu zahlreichen gemeinsamen Projekten gef\u00fchrt, die in der zuletzt entstandenen Teppichserie m\u00fcndeten.<\/p>\n<p>Axel Feu\u00df, 2021[\/vc_column_text][\/vc_column][\/vc_row]<\/p>\n","protected":false},"excerpt":{"rendered":"<p>[vc_row][vc_column][\/vc_column][\/vc_row][vc_row][vc_column width=&#8221;1\/3&#8243;][vc_single_image image=&#8221;961&#8243; img_size=&#8221;full&#8221; alignment=&#8221;center&#8221; image_hovers=&#8221;false&#8221; css=&#8221;.vc_custom_1631432634931{margin-top: 10px !important;margin-bottom: 0px !important;padding-bottom: 0px !important;}&#8221;][vc_column_text] At the MMCA Seoul 2019 [\/vc_column_text][\/vc_column][vc_column width=&#8221;2\/3&#8243;][vc_column_text]Die seit 2020 entworfenen und produzierten K\u00fcnstlerteppiche gestaltete der in Brandenburg und Berlin ans\u00e4ssige Grafik- und Mediendesigner Michael Wruck (*1975), der mit seiner Art des grafischen Designs die Bildwelt von Sebastian Heiner neu interpretiert. Aus den&hellip;<\/p>\n","protected":false},"author":1,"featured_media":961,"parent":0,"menu_order":0,"comment_status":"closed","ping_status":"closed","template":"","meta":{"footnotes":""},"class_list":["post-1008","page","type-page","status-publish","has-post-thumbnail","hentry","description-off"],"yoast_head":"<!-- This site is optimized with the Yoast SEO plugin v16.8 - https:\/\/yoast.com\/wordpress\/plugins\/seo\/ -->\n<title>Der Designer - Michael Wruck - Sebastian Heiner - Heiner Rugs<\/title>\n<meta name=\"robots\" content=\"index, follow, max-snippet:-1, max-image-preview:large, max-video-preview:-1\" \/>\n<link rel=\"canonical\" href=\"https:\/\/www.heiner-rugs.com\/de\/der-designer-michael-wruck\/\" \/>\n<meta property=\"og:locale\" content=\"de_DE\" \/>\n<meta property=\"og:type\" content=\"article\" \/>\n<meta property=\"og:title\" content=\"Der Designer - Michael Wruck - Sebastian Heiner - Heiner Rugs\" \/>\n<meta property=\"og:description\" content=\"[vc_row][vc_column][\/vc_column][\/vc_row][vc_row][vc_column width=&#8221;1\/3&#8243;][vc_single_image image=&#8221;961&#8243; img_size=&#8221;full&#8221; alignment=&#8221;center&#8221; image_hovers=&#8221;false&#8221; css=&#8221;.vc_custom_1631432634931{margin-top: 10px !important;margin-bottom: 0px !important;padding-bottom: 0px !important;}&#8221;][vc_column_text] At the MMCA Seoul 2019 [\/vc_column_text][\/vc_column][vc_column width=&#8221;2\/3&#8243;][vc_column_text]Die seit 2020 entworfenen und produzierten K\u00fcnstlerteppiche gestaltete der in Brandenburg und Berlin ans\u00e4ssige Grafik- und Mediendesigner Michael Wruck (*1975), der mit seiner Art des grafischen Designs die Bildwelt von Sebastian Heiner neu interpretiert. Aus den&hellip;\" \/>\n<meta property=\"og:url\" content=\"https:\/\/www.heiner-rugs.com\/de\/der-designer-michael-wruck\/\" \/>\n<meta property=\"og:site_name\" content=\"Sebastian Heiner - Heiner Rugs\" \/>\n<meta property=\"article:modified_time\" content=\"2021-09-16T15:13:36+00:00\" \/>\n<meta property=\"og:image\" content=\"https:\/\/www.heiner-rugs.com\/wp-content\/uploads\/m-wruck-2019.jpg\" \/>\n\t<meta property=\"og:image:width\" content=\"610\" \/>\n\t<meta property=\"og:image:height\" content=\"800\" \/>\n<meta name=\"twitter:card\" content=\"summary_large_image\" \/>\n<meta name=\"twitter:label1\" content=\"Gesch\u00e4tzte Lesezeit\" \/>\n\t<meta name=\"twitter:data1\" content=\"3\u00a0Minuten\" \/>\n<script type=\"application\/ld+json\" class=\"yoast-schema-graph\">{\"@context\":\"https:\/\/schema.org\",\"@graph\":[{\"@type\":\"Organization\",\"@id\":\"https:\/\/www.heiner-rugs.com\/#organization\",\"name\":\"HeinerRugs\",\"url\":\"https:\/\/www.heiner-rugs.com\/\",\"sameAs\":[],\"logo\":{\"@type\":\"ImageObject\",\"@id\":\"https:\/\/www.heiner-rugs.com\/#logo\",\"inLanguage\":\"de\",\"url\":\"https:\/\/www.heiner-rugs.com\/wp-content\/uploads\/heiner-rugs-logo-v3-150.png\",\"contentUrl\":\"https:\/\/www.heiner-rugs.com\/wp-content\/uploads\/heiner-rugs-logo-v3-150.png\",\"width\":480,\"height\":150,\"caption\":\"HeinerRugs\"},\"image\":{\"@id\":\"https:\/\/www.heiner-rugs.com\/#logo\"}},{\"@type\":\"WebSite\",\"@id\":\"https:\/\/www.heiner-rugs.com\/#website\",\"url\":\"https:\/\/www.heiner-rugs.com\/\",\"name\":\"Sebastian Heiner - Heiner Rugs\",\"description\":\"Contemporary Art Rugs\",\"publisher\":{\"@id\":\"https:\/\/www.heiner-rugs.com\/#organization\"},\"potentialAction\":[{\"@type\":\"SearchAction\",\"target\":{\"@type\":\"EntryPoint\",\"urlTemplate\":\"https:\/\/www.heiner-rugs.com\/?s={search_term_string}\"},\"query-input\":\"required name=search_term_string\"}],\"inLanguage\":\"de\"},{\"@type\":\"ImageObject\",\"@id\":\"https:\/\/www.heiner-rugs.com\/de\/der-designer-michael-wruck\/#primaryimage\",\"inLanguage\":\"de\",\"url\":\"https:\/\/www.heiner-rugs.com\/wp-content\/uploads\/m-wruck-2019.jpg\",\"contentUrl\":\"https:\/\/www.heiner-rugs.com\/wp-content\/uploads\/m-wruck-2019.jpg\",\"width\":610,\"height\":800,\"caption\":\"Michael Wruck - Contemporary designer Berlin 2020\"},{\"@type\":\"WebPage\",\"@id\":\"https:\/\/www.heiner-rugs.com\/de\/der-designer-michael-wruck\/#webpage\",\"url\":\"https:\/\/www.heiner-rugs.com\/de\/der-designer-michael-wruck\/\",\"name\":\"Der Designer - Michael Wruck - Sebastian Heiner - Heiner Rugs\",\"isPartOf\":{\"@id\":\"https:\/\/www.heiner-rugs.com\/#website\"},\"primaryImageOfPage\":{\"@id\":\"https:\/\/www.heiner-rugs.com\/de\/der-designer-michael-wruck\/#primaryimage\"},\"datePublished\":\"2021-09-16T15:12:26+00:00\",\"dateModified\":\"2021-09-16T15:13:36+00:00\",\"breadcrumb\":{\"@id\":\"https:\/\/www.heiner-rugs.com\/de\/der-designer-michael-wruck\/#breadcrumb\"},\"inLanguage\":\"de\",\"potentialAction\":[{\"@type\":\"ReadAction\",\"target\":[\"https:\/\/www.heiner-rugs.com\/de\/der-designer-michael-wruck\/\"]}]},{\"@type\":\"BreadcrumbList\",\"@id\":\"https:\/\/www.heiner-rugs.com\/de\/der-designer-michael-wruck\/#breadcrumb\",\"itemListElement\":[{\"@type\":\"ListItem\",\"position\":1,\"name\":\"Startseite\",\"item\":\"https:\/\/www.heiner-rugs.com\/de\/\"},{\"@type\":\"ListItem\",\"position\":2,\"name\":\"Der Designer &#8211; Michael Wruck\"}]}]}<\/script>\n<!-- \/ Yoast SEO plugin. -->","yoast_head_json":{"title":"Der Designer - Michael Wruck - Sebastian Heiner - Heiner Rugs","robots":{"index":"index","follow":"follow","max-snippet":"max-snippet:-1","max-image-preview":"max-image-preview:large","max-video-preview":"max-video-preview:-1"},"canonical":"https:\/\/www.heiner-rugs.com\/de\/der-designer-michael-wruck\/","og_locale":"de_DE","og_type":"article","og_title":"Der Designer - Michael Wruck - Sebastian Heiner - Heiner Rugs","og_description":"[vc_row][vc_column][\/vc_column][\/vc_row][vc_row][vc_column width=&#8221;1\/3&#8243;][vc_single_image image=&#8221;961&#8243; img_size=&#8221;full&#8221; alignment=&#8221;center&#8221; image_hovers=&#8221;false&#8221; css=&#8221;.vc_custom_1631432634931{margin-top: 10px !important;margin-bottom: 0px !important;padding-bottom: 0px !important;}&#8221;][vc_column_text] At the MMCA Seoul 2019 [\/vc_column_text][\/vc_column][vc_column width=&#8221;2\/3&#8243;][vc_column_text]Die seit 2020 entworfenen und produzierten K\u00fcnstlerteppiche gestaltete der in Brandenburg und Berlin ans\u00e4ssige Grafik- und Mediendesigner Michael Wruck (*1975), der mit seiner Art des grafischen Designs die Bildwelt von Sebastian Heiner neu interpretiert. Aus den&hellip;","og_url":"https:\/\/www.heiner-rugs.com\/de\/der-designer-michael-wruck\/","og_site_name":"Sebastian Heiner - Heiner Rugs","article_modified_time":"2021-09-16T15:13:36+00:00","og_image":[{"width":610,"height":800,"url":"https:\/\/www.heiner-rugs.com\/wp-content\/uploads\/m-wruck-2019.jpg","path":"\/homepages\/43\/d859698005\/htdocs\/heiner-rugs-com\/wp-content\/uploads\/m-wruck-2019.jpg","size":"full","id":961,"alt":"Michael Wruck - Contemporary designer Berlin 2020","pixels":488000,"type":"image\/jpeg"}],"twitter_card":"summary_large_image","twitter_misc":{"Gesch\u00e4tzte Lesezeit":"3\u00a0Minuten"},"schema":{"@context":"https:\/\/schema.org","@graph":[{"@type":"Organization","@id":"https:\/\/www.heiner-rugs.com\/#organization","name":"HeinerRugs","url":"https:\/\/www.heiner-rugs.com\/","sameAs":[],"logo":{"@type":"ImageObject","@id":"https:\/\/www.heiner-rugs.com\/#logo","inLanguage":"de","url":"https:\/\/www.heiner-rugs.com\/wp-content\/uploads\/heiner-rugs-logo-v3-150.png","contentUrl":"https:\/\/www.heiner-rugs.com\/wp-content\/uploads\/heiner-rugs-logo-v3-150.png","width":480,"height":150,"caption":"HeinerRugs"},"image":{"@id":"https:\/\/www.heiner-rugs.com\/#logo"}},{"@type":"WebSite","@id":"https:\/\/www.heiner-rugs.com\/#website","url":"https:\/\/www.heiner-rugs.com\/","name":"Sebastian Heiner - Heiner Rugs","description":"Contemporary Art Rugs","publisher":{"@id":"https:\/\/www.heiner-rugs.com\/#organization"},"potentialAction":[{"@type":"SearchAction","target":{"@type":"EntryPoint","urlTemplate":"https:\/\/www.heiner-rugs.com\/?s={search_term_string}"},"query-input":"required name=search_term_string"}],"inLanguage":"de"},{"@type":"ImageObject","@id":"https:\/\/www.heiner-rugs.com\/de\/der-designer-michael-wruck\/#primaryimage","inLanguage":"de","url":"https:\/\/www.heiner-rugs.com\/wp-content\/uploads\/m-wruck-2019.jpg","contentUrl":"https:\/\/www.heiner-rugs.com\/wp-content\/uploads\/m-wruck-2019.jpg","width":610,"height":800,"caption":"Michael Wruck - Contemporary designer Berlin 2020"},{"@type":"WebPage","@id":"https:\/\/www.heiner-rugs.com\/de\/der-designer-michael-wruck\/#webpage","url":"https:\/\/www.heiner-rugs.com\/de\/der-designer-michael-wruck\/","name":"Der Designer - Michael Wruck - Sebastian Heiner - Heiner Rugs","isPartOf":{"@id":"https:\/\/www.heiner-rugs.com\/#website"},"primaryImageOfPage":{"@id":"https:\/\/www.heiner-rugs.com\/de\/der-designer-michael-wruck\/#primaryimage"},"datePublished":"2021-09-16T15:12:26+00:00","dateModified":"2021-09-16T15:13:36+00:00","breadcrumb":{"@id":"https:\/\/www.heiner-rugs.com\/de\/der-designer-michael-wruck\/#breadcrumb"},"inLanguage":"de","potentialAction":[{"@type":"ReadAction","target":["https:\/\/www.heiner-rugs.com\/de\/der-designer-michael-wruck\/"]}]},{"@type":"BreadcrumbList","@id":"https:\/\/www.heiner-rugs.com\/de\/der-designer-michael-wruck\/#breadcrumb","itemListElement":[{"@type":"ListItem","position":1,"name":"Startseite","item":"https:\/\/www.heiner-rugs.com\/de\/"},{"@type":"ListItem","position":2,"name":"Der Designer &#8211; Michael Wruck"}]}]}},"_links":{"self":[{"href":"https:\/\/www.heiner-rugs.com\/de\/wp-json\/wp\/v2\/pages\/1008","targetHints":{"allow":["GET"]}}],"collection":[{"href":"https:\/\/www.heiner-rugs.com\/de\/wp-json\/wp\/v2\/pages"}],"about":[{"href":"https:\/\/www.heiner-rugs.com\/de\/wp-json\/wp\/v2\/types\/page"}],"author":[{"embeddable":true,"href":"https:\/\/www.heiner-rugs.com\/de\/wp-json\/wp\/v2\/users\/1"}],"replies":[{"embeddable":true,"href":"https:\/\/www.heiner-rugs.com\/de\/wp-json\/wp\/v2\/comments?post=1008"}],"version-history":[{"count":4,"href":"https:\/\/www.heiner-rugs.com\/de\/wp-json\/wp\/v2\/pages\/1008\/revisions"}],"predecessor-version":[{"id":1012,"href":"https:\/\/www.heiner-rugs.com\/de\/wp-json\/wp\/v2\/pages\/1008\/revisions\/1012"}],"wp:featuredmedia":[{"embeddable":true,"href":"https:\/\/www.heiner-rugs.com\/de\/wp-json\/wp\/v2\/media\/961"}],"wp:attachment":[{"href":"https:\/\/www.heiner-rugs.com\/de\/wp-json\/wp\/v2\/media?parent=1008"}],"curies":[{"name":"wp","href":"https:\/\/api.w.org\/{rel}","templated":true}]}}